{"id":11,"date":"2023-08-23T22:45:15","date_gmt":"2023-08-23T20:45:15","guid":{"rendered":"https:\/\/www.cadre-jardin.be\/?page_id=11"},"modified":"2026-08-31T15:41:57","modified_gmt":"2026-08-31T13:41:57","slug":"accueil","status":"publish","type":"page","link":"https:\/\/www.cadre-jardin.be\/","title":{"rendered":"Accueil"},"content":{"rendered":"<p>[et_pb_section fb_built=\u00a0\u00bb1&Prime; custom_padding_last_edited=\u00a0\u00bbon|phone\u00a0\u00bb _builder_version=\u00a0\u00bb4.17.6&Prime; _module_preset=\u00a0\u00bbdefault\u00a0\u00bb background_enable_color=\u00a0\u00bboff\u00a0\u00bb background_image=\u00a0\u00bbhttps:\/\/www.cadre-jardin.be\/wp-content\/uploads\/2026\/08\/show-room-exterieur.jpg\u00a0\u00bb background_position=\u00a0\u00bbbottom_center\u00a0\u00bb min_height=\u00a0\u00bb1000px\u00a0\u00bb height_tablet=\u00a0\u00bb600px\u00a0\u00bb height_phone=\u00a0\u00bb600px\u00a0\u00bb height_last_edited=\u00a0\u00bbon|phone\u00a0\u00bb custom_margin=\u00a0\u00bb0px||0px||false|false\u00a0\u00bb custom_padding=\u00a0\u00bb0px||0px||false|false\u00a0\u00bb custom_padding_tablet=\u00a0\u00bb|||0%|false|false\u00a0\u00bb custom_padding_phone=\u00a0\u00bb|||0%|false|false\u00a0\u00bb custom_css_main_element=\u00a0\u00bbdisplay: flex;||align-items: center;\u00a0\u00bb global_colors_info=\u00a0\u00bb{}\u00a0\u00bb][et_pb_row custom_padding_last_edited=\u00a0\u00bbon|tablet\u00a0\u00bb _builder_version=\u00a0\u00bb4.21.0&Prime; _module_preset=\u00a0\u00bbdefault\u00a0\u00bb background_enable_color=\u00a0\u00bboff\u00a0\u00bb use_background_color_gradient=\u00a0\u00bbon\u00a0\u00bb background_color_gradient_stops=\u00a0\u00bbrgba(255,255,255,0.76) 0%|rgba(255,255,255,0.76) 26%|rgba(95, 139, 65, 0.82) 41%|rgba(95,139,65,0.82) 100%\u00a0\u00bb width=\u00a0\u00bb400px\u00a0\u00bb module_alignment=\u00a0\u00bbleft\u00a0\u00bb min_height=\u00a0\u00bb1000px\u00a0\u00bb custom_margin=\u00a0\u00bb|||0px|false|false\u00a0\u00bb custom_padding=\u00a0\u00bb60px||||false|false\u00a0\u00bb custom_padding_tablet=\u00a0\u00bb0px|||0px|false|false\u00a0\u00bb custom_padding_phone=\u00a0\u00bb0px|||0px|false|false\u00a0\u00bb border_color_right=\u00a0\u00bb#5F8B41&Prime; border_color_left=\u00a0\u00bb#E02B20&Prime; global_colors_info=\u00a0\u00bb{}\u00a0\u00bb][et_pb_column type=\u00a0\u00bb4_4&Prime; _builder_version=\u00a0\u00bb4.21.0&Prime; _module_preset=\u00a0\u00bbdefault\u00a0\u00bb global_colors_info=\u00a0\u00bb{}\u00a0\u00bb][et_pb_image src=\u00a0\u00bbhttps:\/\/www.cadre-jardin.be\/wp-content\/uploads\/2026\/08\/Logo-cadre-et-jardin.png\u00a0\u00bb alt=\u00a0\u00bbCadr\u00e9 Jardin\u00a0\u00bb title_text=\u00a0\u00bbLogo cadre et jardin\u00a0\u00bb _builder_version=\u00a0\u00bb4.17.6&Prime; _module_preset=\u00a0\u00bbdefault\u00a0\u00bb width=\u00a0\u00bb250px\u00a0\u00bb width_tablet=\u00a0\u00bb250px\u00a0\u00bb width_phone=\u00a0\u00bb250px\u00a0\u00bb width_last_edited=\u00a0\u00bbon|phone\u00a0\u00bb max_width=\u00a0\u00bb200px\u00a0\u00bb module_alignment=\u00a0\u00bbcenter\u00a0\u00bb custom_padding_tablet=\u00a0\u00bb50px||||false|false\u00a0\u00bb custom_padding_phone=\u00a0\u00bb50px||||false|false\u00a0\u00bb custom_padding_last_edited=\u00a0\u00bbon|tablet\u00a0\u00bb global_colors_info=\u00a0\u00bb{}\u00a0\u00bb][\/et_pb_image][et_pb_text _builder_version=\u00a0\u00bb4.21.0&Prime; _module_preset=\u00a0\u00bbdefault\u00a0\u00bb text_text_color=\u00a0\u00bb#ffffff\u00a0\u00bb header_font=\u00a0\u00bbAleo||||||||\u00a0\u00bb header_text_align=\u00a0\u00bbcenter\u00a0\u00bb header_text_color=\u00a0\u00bb#ffffff\u00a0\u00bb header_font_size=\u00a0\u00bb60px\u00a0\u00bb background_enable_color=\u00a0\u00bboff\u00a0\u00bb width=\u00a0\u00bb400px\u00a0\u00bb module_alignment=\u00a0\u00bbcenter\u00a0\u00bb custom_margin=\u00a0\u00bb90px|20px|200px|20px|false|false\u00a0\u00bb custom_padding=\u00a0\u00bb20px|20px|20px|20px|false|false\u00a0\u00bb global_colors_info=\u00a0\u00bb{}\u00a0\u00bb]<\/p>\n<h1>Cadr\u00e9 Jardin<\/h1>\n<p>[\/et_pb_text][et_pb_button button_text=\u00a0\u00bbNous rendre visite\u00a0\u00bb button_alignment=\u00a0\u00bbcenter\u00a0\u00bb _builder_version=\u00a0\u00bb4.21.0&Prime; _module_preset=\u00a0\u00bbdefault\u00a0\u00bb custom_button=\u00a0\u00bbon\u00a0\u00bb button_text_color=\u00a0\u00bb#ffffff\u00a0\u00bb button_bg_color=\u00a0\u00bb#ACC89A\u00a0\u00bb button_border_width=\u00a0\u00bb2px\u00a0\u00bb button_border_radius=\u00a0\u00bb25px\u00a0\u00bb global_colors_info=\u00a0\u00bb{}\u00a0\u00bb][\/et_pb_button][\/et_pb_column][\/et_pb_row][\/et_pb_section][et_pb_section fb_built=\u00a0\u00bb1&Prime; _builder_version=\u00a0\u00bb4.21.0&Prime; _module_preset=\u00a0\u00bbdefault\u00a0\u00bb custom_padding=\u00a0\u00bb150px||100px||false|false\u00a0\u00bb global_colors_info=\u00a0\u00bb{}\u00a0\u00bb custom_css_main_element_last_edited=\u00a0\u00bbon|tablet\u00a0\u00bb][et_pb_row column_structure=\u00a0\u00bb1_2,1_2&Prime; _builder_version=\u00a0\u00bb4.21.0&Prime; _module_preset=\u00a0\u00bbdefault\u00a0\u00bb custom_padding=\u00a0\u00bb||100px||false|false\u00a0\u00bb custom_css_main_element=\u00a0\u00bbdisplay: flex;||align-items: center;\u00a0\u00bb global_colors_info=\u00a0\u00bb{}\u00a0\u00bb custom_css_main_element_last_edited=\u00a0\u00bbon|tablet\u00a0\u00bb custom_css_main_element_tablet=\u00a0\u00bbdispaly: normal;\u00a0\u00bb custom_css_main_element_phone=\u00a0\u00bbdispaly: normal;\u00a0\u00bb][et_pb_column type=\u00a0\u00bb1_2&Prime; _builder_version=\u00a0\u00bb4.21.0&Prime; _module_preset=\u00a0\u00bbdefault\u00a0\u00bb animation_style=\u00a0\u00bbslide\u00a0\u00bb animation_direction=\u00a0\u00bbleft\u00a0\u00bb global_colors_info=\u00a0\u00bb{}\u00a0\u00bb][et_pb_image src=\u00a0\u00bbhttps:\/\/www.cadre-jardin.be\/wp-content\/uploads\/2026\/08\/show-rum-cadre-jardin.jpg\u00a0\u00bb alt=\u00a0\u00bbShow Room Cadr\u00e9 Jardin\u00a0\u00bb title_text=\u00a0\u00bbshow-rum-cadre-jardin\u00a0\u00bb _builder_version=\u00a0\u00bb4.17.6&Prime; _module_preset=\u00a0\u00bbdefault\u00a0\u00bb global_colors_info=\u00a0\u00bb{}\u00a0\u00bb][\/et_pb_image][\/et_pb_column][et_pb_column type=\u00a0\u00bb1_2&Prime; _builder_version=\u00a0\u00bb4.21.0&Prime; _module_preset=\u00a0\u00bbdefault\u00a0\u00bb animation_style=\u00a0\u00bbslide\u00a0\u00bb animation_direction=\u00a0\u00bbright\u00a0\u00bb global_colors_info=\u00a0\u00bb{}\u00a0\u00bb][et_pb_image src=\u00a0\u00bbhttps:\/\/www.cadre-jardin.be\/wp-content\/uploads\/2026\/08\/Logo-cadre-et-jardin.png\u00a0\u00bb alt=\u00a0\u00bbCadr\u00e9 Jardin\u00a0\u00bb title_text=\u00a0\u00bbLogo cadre et jardin\u00a0\u00bb _builder_version=\u00a0\u00bb4.17.6&Prime; _module_preset=\u00a0\u00bbdefault\u00a0\u00bb width=\u00a0\u00bb240px\u00a0\u00bb width_tablet=\u00a0\u00bb200px\u00a0\u00bb width_phone=\u00a0\u00bb150px\u00a0\u00bb width_last_edited=\u00a0\u00bbon|phone\u00a0\u00bb module_alignment=\u00a0\u00bbcenter\u00a0\u00bb global_colors_info=\u00a0\u00bb{}\u00a0\u00bb][\/et_pb_image][et_pb_text _builder_version=\u00a0\u00bb4.21.0&Prime; _module_preset=\u00a0\u00bbdefault\u00a0\u00bb text_text_color=\u00a0\u00bb#000000&Prime; text_font_size=\u00a0\u00bb19px\u00a0\u00bb header_3_font=\u00a0\u00bbNanum Myeongjo|800|||||||\u00a0\u00bb header_3_text_color=\u00a0\u00bb#2a3e1d\u00a0\u00bb header_3_font_size=\u00a0\u00bb27px\u00a0\u00bb custom_padding=\u00a0\u00bb||20px|10px|false|false\u00a0\u00bb border_radii=\u00a0\u00bboff||||\u00a0\u00bb border_width_left=\u00a0\u00bb3px\u00a0\u00bb border_color_left=\u00a0\u00bb#5F8B41&Prime; global_colors_info=\u00a0\u00bb{}\u00a0\u00bb]<\/p>\n<h2>Show Room d\u00e9di\u00e9 aux outils pour votre jardin<\/h2>\n<p>[\/et_pb_text][et_pb_text _builder_version=\u00a0\u00bb4.21.0&Prime; _module_preset=\u00a0\u00bbdefault\u00a0\u00bb text_text_color=\u00a0\u00bb#000000&Prime; text_font_size=\u00a0\u00bb19px\u00a0\u00bb header_3_font=\u00a0\u00bbNanum Myeongjo|800|||||||\u00a0\u00bb header_3_text_color=\u00a0\u00bb#2a3e1d\u00a0\u00bb header_3_font_size=\u00a0\u00bb27px\u00a0\u00bb custom_padding=\u00a0\u00bb||20px|10px|false|false\u00a0\u00bb global_colors_info=\u00a0\u00bb{}\u00a0\u00bb]<\/p>\n<p><span>D\u00e9di\u00e9 aux tondeuses, robots tondeuses et autres outils motoris\u00e9s pour le jardinage notre show room vous offre une exp\u00e9rience unique pour d\u00e9couvrir et choisir les meilleurs \u00e9quipements pour prendre soin de votre jardin. <\/span><\/p>\n<p><span>En tant qu&rsquo;experts passionn\u00e9s, nous sommes l\u00e0 pour vous guider et vous conseiller dans votre s\u00e9lection.<\/span><\/p>\n<p>[\/et_pb_text][\/et_pb_column][\/et_pb_row][\/et_pb_section][et_pb_section fb_built=\u00a0\u00bb1&Prime; custom_padding_last_edited=\u00a0\u00bbon|phone\u00a0\u00bb next_background_color=\u00a0\u00bb#ffffff\u00a0\u00bb _builder_version=\u00a0\u00bb4.21.0&Prime; _module_preset=\u00a0\u00bbdefault\u00a0\u00bb use_background_color_gradient=\u00a0\u00bbon\u00a0\u00bb background_color_gradient_direction=\u00a0\u00bb45deg\u00a0\u00bb background_color_gradient_stops=\u00a0\u00bbrgba(255,255,255,0) 27%|#ffffff 71%\u00a0\u00bb background_color_gradient_overlays_image=\u00a0\u00bbon\u00a0\u00bb background_image=\u00a0\u00bbhttps:\/\/www.cadre-jardin.be\/wp-content\/uploads\/2023\/08\/husk-1.jpg\u00a0\u00bb parallax=\u00a0\u00bbon\u00a0\u00bb parallax_method=\u00a0\u00bboff\u00a0\u00bb custom_padding=\u00a0\u00bb100px|50px|250px||false|false\u00a0\u00bb custom_padding_tablet=\u00a0\u00bb|0px|||false|false\u00a0\u00bb custom_padding_phone=\u00a0\u00bb|0px|||false|false\u00a0\u00bb bottom_divider_style=\u00a0\u00bbmountains2&Prime; background_last_edited=\u00a0\u00bbon|desktop\u00a0\u00bb use_background_color_gradient_tablet=\u00a0\u00bboff\u00a0\u00bb global_colors_info=\u00a0\u00bb{}\u00a0\u00bb custom_css_main_element_last_edited=\u00a0\u00bbon|tablet\u00a0\u00bb][et_pb_row column_structure=\u00a0\u00bb1_2,1_2&Prime; _builder_version=\u00a0\u00bb4.21.0&Prime; _module_preset=\u00a0\u00bbdefault\u00a0\u00bb background_color=\u00a0\u00bbrgba(255,255,255,0.89)\u00a0\u00bb width=\u00a0\u00bb70%\u00a0\u00bb width_tablet=\u00a0\u00bb\u00a0\u00bb width_phone=\u00a0\u00bb90%\u00a0\u00bb width_last_edited=\u00a0\u00bbon|phone\u00a0\u00bb module_alignment=\u00a0\u00bbright\u00a0\u00bb custom_margin=\u00a0\u00bb0px|auto|0px|773px|false|false\u00a0\u00bb custom_padding=\u00a0\u00bb|20px||40px|false|false\u00a0\u00bb animation_style=\u00a0\u00bbfade\u00a0\u00bb module_alignment_tablet=\u00a0\u00bbcenter\u00a0\u00bb module_alignment_phone=\u00a0\u00bbcenter\u00a0\u00bb module_alignment_last_edited=\u00a0\u00bbon|tablet\u00a0\u00bb custom_css_main_element=\u00a0\u00bbdisplay: flex;||align-items: center;\u00a0\u00bb global_colors_info=\u00a0\u00bb{}\u00a0\u00bb][et_pb_column type=\u00a0\u00bb1_2&Prime; _builder_version=\u00a0\u00bb4.21.0&Prime; _module_preset=\u00a0\u00bbdefault\u00a0\u00bb global_colors_info=\u00a0\u00bb{}\u00a0\u00bb][et_pb_image src=\u00a0\u00bbhttps:\/\/www.cadre-jardin.be\/wp-content\/uploads\/2026\/08\/Logo-Husqvarna.png\u00a0\u00bb alt=\u00a0\u00bbHUSQUARNA\u00a0\u00bb title_text=\u00a0\u00bbLogo Husqvarna\u00a0\u00bb _builder_version=\u00a0\u00bb4.17.6&Prime; _module_preset=\u00a0\u00bbdefault\u00a0\u00bb width=\u00a0\u00bb300px\u00a0\u00bb global_colors_info=\u00a0\u00bb{}\u00a0\u00bb][\/et_pb_image][\/et_pb_column][et_pb_column type=\u00a0\u00bb1_2&Prime; _builder_version=\u00a0\u00bb4.21.0&Prime; _module_preset=\u00a0\u00bbdefault\u00a0\u00bb global_colors_info=\u00a0\u00bb{}\u00a0\u00bb][\/et_pb_column][\/et_pb_row][et_pb_row column_structure=\u00a0\u00bb1_2,1_2&Prime; _builder_version=\u00a0\u00bb4.21.0&Prime; _module_preset=\u00a0\u00bbdefault\u00a0\u00bb background_color=\u00a0\u00bbrgba(255,255,255,0.89)\u00a0\u00bb width=\u00a0\u00bb70%\u00a0\u00bb width_tablet=\u00a0\u00bb\u00a0\u00bb width_phone=\u00a0\u00bb90%\u00a0\u00bb width_last_edited=\u00a0\u00bbon|phone\u00a0\u00bb module_alignment=\u00a0\u00bbright\u00a0\u00bb custom_margin=\u00a0\u00bb0px|auto|0px|773px|false|false\u00a0\u00bb custom_padding=\u00a0\u00bb|20px||40px|false|false\u00a0\u00bb animation_style=\u00a0\u00bbfade\u00a0\u00bb module_alignment_tablet=\u00a0\u00bbcenter\u00a0\u00bb module_alignment_phone=\u00a0\u00bbcenter\u00a0\u00bb module_alignment_last_edited=\u00a0\u00bbon|tablet\u00a0\u00bb custom_css_main_element=\u00a0\u00bbdisplay: flex;||align-items: center;\u00a0\u00bb global_colors_info=\u00a0\u00bb{}\u00a0\u00bb custom_css_main_element_last_edited=\u00a0\u00bbon|phone\u00a0\u00bb custom_css_main_element_tablet=\u00a0\u00bbdisplay: normal;\u00a0\u00bb custom_css_main_element_phone=\u00a0\u00bbdisplay: normal;\u00a0\u00bb][et_pb_column type=\u00a0\u00bb1_2&Prime; _builder_version=\u00a0\u00bb4.21.0&Prime; _module_preset=\u00a0\u00bbdefault\u00a0\u00bb global_colors_info=\u00a0\u00bb{}\u00a0\u00bb][et_pb_text _builder_version=\u00a0\u00bb4.21.0&Prime; _module_preset=\u00a0\u00bbdefault\u00a0\u00bb text_text_color=\u00a0\u00bb#000000&Prime; text_font_size=\u00a0\u00bb19px\u00a0\u00bb header_3_font=\u00a0\u00bbNanum Myeongjo|800|||||||\u00a0\u00bb header_3_text_color=\u00a0\u00bb#2a3e1d\u00a0\u00bb header_3_font_size=\u00a0\u00bb27px\u00a0\u00bb custom_padding=\u00a0\u00bb||20px|10px|false|false\u00a0\u00bb global_colors_info=\u00a0\u00bb{}\u00a0\u00bb]<\/p>\n<h2>Tondeuses<\/h2>\n<p>[\/et_pb_text][\/et_pb_column][et_pb_column type=\u00a0\u00bb1_2&Prime; _builder_version=\u00a0\u00bb4.21.0&Prime; _module_preset=\u00a0\u00bbdefault\u00a0\u00bb global_colors_info=\u00a0\u00bb{}\u00a0\u00bb][\/et_pb_column][\/et_pb_row][et_pb_row column_structure=\u00a0\u00bb1_2,1_2&Prime; _builder_version=\u00a0\u00bb4.21.0&Prime; _module_preset=\u00a0\u00bbdefault\u00a0\u00bb background_color=\u00a0\u00bbrgba(255,255,255,0.89)\u00a0\u00bb width=\u00a0\u00bb70%\u00a0\u00bb width_tablet=\u00a0\u00bb\u00a0\u00bb width_phone=\u00a0\u00bb90%\u00a0\u00bb width_last_edited=\u00a0\u00bbon|phone\u00a0\u00bb module_alignment=\u00a0\u00bbright\u00a0\u00bb custom_margin=\u00a0\u00bb0px|auto|0px|773px|false|false\u00a0\u00bb custom_padding=\u00a0\u00bb|20px||40px|false|false\u00a0\u00bb animation_style=\u00a0\u00bbfade\u00a0\u00bb module_alignment_tablet=\u00a0\u00bbcenter\u00a0\u00bb module_alignment_phone=\u00a0\u00bbcenter\u00a0\u00bb module_alignment_last_edited=\u00a0\u00bbon|tablet\u00a0\u00bb custom_css_main_element=\u00a0\u00bbdisplay: flex;||align-items: center;\u00a0\u00bb global_colors_info=\u00a0\u00bb{}\u00a0\u00bb custom_css_main_element_last_edited=\u00a0\u00bbon|phone\u00a0\u00bb custom_css_main_element_tablet=\u00a0\u00bbdisplay: normal;\u00a0\u00bb custom_css_main_element_phone=\u00a0\u00bbdisplay: normal;\u00a0\u00bb][et_pb_column type=\u00a0\u00bb1_2&Prime; _builder_version=\u00a0\u00bb4.21.0&Prime; _module_preset=\u00a0\u00bbdefault\u00a0\u00bb global_colors_info=\u00a0\u00bb{}\u00a0\u00bb][et_pb_image src=\u00a0\u00bbhttps:\/\/www.cadre-jardin.be\/wp-content\/uploads\/2026\/08\/tondeuses-husqvarna.png\u00a0\u00bb alt=\u00a0\u00bbTondeuses Husqvarna oranges\u00a0\u00bb title_text=\u00a0\u00bbtondeuses husqvarna\u00a0\u00bb align=\u00a0\u00bbcenter\u00a0\u00bb _builder_version=\u00a0\u00bb4.17.6&Prime; _module_preset=\u00a0\u00bbdefault\u00a0\u00bb global_colors_info=\u00a0\u00bb{}\u00a0\u00bb][\/et_pb_image][\/et_pb_column][et_pb_column type=\u00a0\u00bb1_2&Prime; _builder_version=\u00a0\u00bb4.21.0&Prime; _module_preset=\u00a0\u00bbdefault\u00a0\u00bb global_colors_info=\u00a0\u00bb{}\u00a0\u00bb][et_pb_text _builder_version=\u00a0\u00bb4.21.0&Prime; _module_preset=\u00a0\u00bbdefault\u00a0\u00bb text_text_color=\u00a0\u00bb#000000&Prime; text_font_size=\u00a0\u00bb19px\u00a0\u00bb header_3_font=\u00a0\u00bbNanum Myeongjo|800|||||||\u00a0\u00bb header_3_text_color=\u00a0\u00bb#2a3e1d\u00a0\u00bb header_3_font_size=\u00a0\u00bb27px\u00a0\u00bb custom_padding=\u00a0\u00bb||20px|10px|false|false\u00a0\u00bb global_colors_info=\u00a0\u00bb{}\u00a0\u00bb]<\/p>\n<p>Les tondeuses Husqvarna sont des machines de tonte de pelouse reconnaissables \u00e0 leur couleur vive et distinctive. Ces tondeuses sont \u00e9quip\u00e9es de moteurs puissants et fiables qui offrent une coupe efficace et pr\u00e9cise de l&rsquo;herbe. Que vous ayez une petite pelouse r\u00e9sidentielle ou un grand terrain, ces tondeuses sont con\u00e7ues pour r\u00e9pondre \u00e0 vos besoins.<\/p>\n<p>[\/et_pb_text][\/et_pb_column][\/et_pb_row][et_pb_row column_structure=\u00a0\u00bb1_2,1_2&Prime; _builder_version=\u00a0\u00bb4.21.0&Prime; _module_preset=\u00a0\u00bbdefault\u00a0\u00bb background_color=\u00a0\u00bbrgba(255,255,255,0.89)\u00a0\u00bb width=\u00a0\u00bb70%\u00a0\u00bb width_tablet=\u00a0\u00bb\u00a0\u00bb width_phone=\u00a0\u00bb90%\u00a0\u00bb width_last_edited=\u00a0\u00bbon|phone\u00a0\u00bb module_alignment=\u00a0\u00bbright\u00a0\u00bb custom_margin=\u00a0\u00bb0px|auto|0px|773px|false|false\u00a0\u00bb custom_padding=\u00a0\u00bb|20px||40px|false|false\u00a0\u00bb animation_style=\u00a0\u00bbfade\u00a0\u00bb module_alignment_tablet=\u00a0\u00bbcenter\u00a0\u00bb module_alignment_phone=\u00a0\u00bbcenter\u00a0\u00bb module_alignment_last_edited=\u00a0\u00bbon|tablet\u00a0\u00bb custom_css_main_element=\u00a0\u00bbdisplay: flex;||align-items: center;\u00a0\u00bb global_colors_info=\u00a0\u00bb{}\u00a0\u00bb][et_pb_column type=\u00a0\u00bb1_2&Prime; _builder_version=\u00a0\u00bb4.21.0&Prime; _module_preset=\u00a0\u00bbdefault\u00a0\u00bb global_colors_info=\u00a0\u00bb{}\u00a0\u00bb][et_pb_text _builder_version=\u00a0\u00bb4.21.0&Prime; _module_preset=\u00a0\u00bbdefault\u00a0\u00bb text_text_color=\u00a0\u00bb#000000&Prime; text_font_size=\u00a0\u00bb19px\u00a0\u00bb header_3_font=\u00a0\u00bbNanum Myeongjo|800|||||||\u00a0\u00bb header_3_text_color=\u00a0\u00bb#2a3e1d\u00a0\u00bb header_3_font_size=\u00a0\u00bb27px\u00a0\u00bb custom_padding=\u00a0\u00bb||20px|10px|false|false\u00a0\u00bb global_colors_info=\u00a0\u00bb{}\u00a0\u00bb]<\/p>\n<h2>Robots tondeuses<\/h2>\n<p>[\/et_pb_text][\/et_pb_column][et_pb_column type=\u00a0\u00bb1_2&Prime; _builder_version=\u00a0\u00bb4.21.0&Prime; _module_preset=\u00a0\u00bbdefault\u00a0\u00bb global_colors_info=\u00a0\u00bb{}\u00a0\u00bb][\/et_pb_column][\/et_pb_row][et_pb_row column_structure=\u00a0\u00bb1_2,1_2&Prime; _builder_version=\u00a0\u00bb4.21.0&Prime; _module_preset=\u00a0\u00bbdefault\u00a0\u00bb background_color=\u00a0\u00bbrgba(255,255,255,0.89)\u00a0\u00bb width=\u00a0\u00bb70%\u00a0\u00bb width_tablet=\u00a0\u00bb\u00a0\u00bb width_phone=\u00a0\u00bb90%\u00a0\u00bb width_last_edited=\u00a0\u00bbon|phone\u00a0\u00bb module_alignment=\u00a0\u00bbright\u00a0\u00bb custom_margin=\u00a0\u00bb0px|auto|0px|773px|false|false\u00a0\u00bb custom_padding=\u00a0\u00bb|20px||40px|false|false\u00a0\u00bb animation_style=\u00a0\u00bbfade\u00a0\u00bb module_alignment_tablet=\u00a0\u00bbcenter\u00a0\u00bb module_alignment_phone=\u00a0\u00bbcenter\u00a0\u00bb module_alignment_last_edited=\u00a0\u00bbon|tablet\u00a0\u00bb custom_css_main_element=\u00a0\u00bbdisplay: flex;||align-items: center;\u00a0\u00bb global_colors_info=\u00a0\u00bb{}\u00a0\u00bb custom_css_main_element_last_edited=\u00a0\u00bbon|tablet\u00a0\u00bb custom_css_main_element_tablet=\u00a0\u00bbdisplay: normal;\u00a0\u00bb custom_css_main_element_phone=\u00a0\u00bbdisplay: normal;\u00a0\u00bb][et_pb_column type=\u00a0\u00bb1_2&Prime; _builder_version=\u00a0\u00bb4.21.0&Prime; _module_preset=\u00a0\u00bbdefault\u00a0\u00bb global_colors_info=\u00a0\u00bb{}\u00a0\u00bb][et_pb_image src=\u00a0\u00bbhttps:\/\/www.cadre-jardin.be\/wp-content\/uploads\/2026\/08\/tonseuses-robots-husqvarna.jpg\u00a0\u00bb alt=\u00a0\u00bbtondeuses robots husqvarna\u00a0\u00bb title_text=\u00a0\u00bbtonseuses-robots-husqvarna\u00a0\u00bb _builder_version=\u00a0\u00bb4.17.6&Prime; _module_preset=\u00a0\u00bbdefault\u00a0\u00bb global_colors_info=\u00a0\u00bb{}\u00a0\u00bb][\/et_pb_image][\/et_pb_column][et_pb_column type=\u00a0\u00bb1_2&Prime; _builder_version=\u00a0\u00bb4.21.0&Prime; _module_preset=\u00a0\u00bbdefault\u00a0\u00bb global_colors_info=\u00a0\u00bb{}\u00a0\u00bb][et_pb_text _builder_version=\u00a0\u00bb4.21.0&Prime; _module_preset=\u00a0\u00bbdefault\u00a0\u00bb text_text_color=\u00a0\u00bb#000000&Prime; text_font_size=\u00a0\u00bb19px\u00a0\u00bb header_3_font=\u00a0\u00bbNanum Myeongjo|800|||||||\u00a0\u00bb header_3_text_color=\u00a0\u00bb#2a3e1d\u00a0\u00bb header_3_font_size=\u00a0\u00bb27px\u00a0\u00bb custom_padding=\u00a0\u00bb||20px|10px|false|false\u00a0\u00bb global_colors_info=\u00a0\u00bb{}\u00a0\u00bb]<\/p>\n<p><span>Les robots tondeuses Husqvarna sont des appareils autonomes r\u00e9volutionnaires con\u00e7us pour simplifier et automatiser l&rsquo;entretien de votre pelouse. Ces robots, fabriqu\u00e9s par une marque de renom dans le domaine des \u00e9quipements d&rsquo;ext\u00e9rieur, sont \u00e9quip\u00e9s de fonctionnalit\u00e9s avanc\u00e9es qui garantissent une tonte pr\u00e9cise et efficace de votre pelouse 7 jours sur 7.<\/span><\/p>\n<p>[\/et_pb_text][\/et_pb_column][\/et_pb_row][et_pb_row column_structure=\u00a0\u00bb1_2,1_2&Prime; _builder_version=\u00a0\u00bb4.21.0&Prime; _module_preset=\u00a0\u00bbdefault\u00a0\u00bb background_color=\u00a0\u00bbrgba(255,255,255,0.89)\u00a0\u00bb width=\u00a0\u00bb70%\u00a0\u00bb width_tablet=\u00a0\u00bb\u00a0\u00bb width_phone=\u00a0\u00bb90%\u00a0\u00bb width_last_edited=\u00a0\u00bbon|phone\u00a0\u00bb module_alignment=\u00a0\u00bbright\u00a0\u00bb custom_margin=\u00a0\u00bb0px|auto|0px|773px|false|false\u00a0\u00bb custom_padding=\u00a0\u00bb|20px||40px|false|false\u00a0\u00bb animation_style=\u00a0\u00bbfade\u00a0\u00bb module_alignment_tablet=\u00a0\u00bbcenter\u00a0\u00bb module_alignment_phone=\u00a0\u00bbcenter\u00a0\u00bb module_alignment_last_edited=\u00a0\u00bbon|tablet\u00a0\u00bb custom_css_main_element=\u00a0\u00bbdisplay: flex;||align-items: center;\u00a0\u00bb global_colors_info=\u00a0\u00bb{}\u00a0\u00bb][et_pb_column type=\u00a0\u00bb1_2&Prime; _builder_version=\u00a0\u00bb4.21.0&Prime; _module_preset=\u00a0\u00bbdefault\u00a0\u00bb global_colors_info=\u00a0\u00bb{}\u00a0\u00bb][et_pb_text _builder_version=\u00a0\u00bb4.21.0&Prime; _module_preset=\u00a0\u00bbdefault\u00a0\u00bb text_text_color=\u00a0\u00bb#000000&Prime; text_font_size=\u00a0\u00bb19px\u00a0\u00bb header_3_font=\u00a0\u00bbNanum Myeongjo|800|||||||\u00a0\u00bb header_3_text_color=\u00a0\u00bb#2a3e1d\u00a0\u00bb header_3_font_size=\u00a0\u00bb27px\u00a0\u00bb custom_padding=\u00a0\u00bb||20px|10px|false|false\u00a0\u00bb global_colors_info=\u00a0\u00bb{}\u00a0\u00bb]<\/p>\n<h2>Coupe-bordures<\/h2>\n<p>[\/et_pb_text][\/et_pb_column][et_pb_column type=\u00a0\u00bb1_2&Prime; _builder_version=\u00a0\u00bb4.21.0&Prime; _module_preset=\u00a0\u00bbdefault\u00a0\u00bb global_colors_info=\u00a0\u00bb{}\u00a0\u00bb][\/et_pb_column][\/et_pb_row][et_pb_row column_structure=\u00a0\u00bb1_2,1_2&Prime; _builder_version=\u00a0\u00bb4.17.6&Prime; _module_preset=\u00a0\u00bbdefault\u00a0\u00bb background_color=\u00a0\u00bbrgba(255,255,255,0.89)\u00a0\u00bb width=\u00a0\u00bb70%\u00a0\u00bb width_tablet=\u00a0\u00bb\u00a0\u00bb width_phone=\u00a0\u00bb90%\u00a0\u00bb width_last_edited=\u00a0\u00bbon|phone\u00a0\u00bb module_alignment=\u00a0\u00bbright\u00a0\u00bb custom_margin=\u00a0\u00bb0px|auto|0px|773px|false|false\u00a0\u00bb custom_padding=\u00a0\u00bb|20px||40px|false|false\u00a0\u00bb animation_style=\u00a0\u00bbfade\u00a0\u00bb module_alignment_tablet=\u00a0\u00bbcenter\u00a0\u00bb module_alignment_phone=\u00a0\u00bbcenter\u00a0\u00bb module_alignment_last_edited=\u00a0\u00bbon|tablet\u00a0\u00bb custom_css_main_element=\u00a0\u00bbdisplay: flex;||align-items: center;\u00a0\u00bb global_colors_info=\u00a0\u00bb{}\u00a0\u00bb custom_css_main_element_last_edited=\u00a0\u00bbon|phone\u00a0\u00bb custom_css_main_element_tablet=\u00a0\u00bbdisplay: normal;\u00a0\u00bb custom_css_main_element_phone=\u00a0\u00bbdisplay: normal;\u00a0\u00bb][et_pb_column type=\u00a0\u00bb1_2&Prime; _builder_version=\u00a0\u00bb4.21.0&Prime; _module_preset=\u00a0\u00bbdefault\u00a0\u00bb global_colors_info=\u00a0\u00bb{}\u00a0\u00bb][et_pb_image src=\u00a0\u00bbhttps:\/\/www.cadre-jardin.be\/wp-content\/uploads\/2026\/08\/coupe-bordure-husqvarna.png\u00a0\u00bb alt=\u00a0\u00bbD\u00e9broussailleuse Husqvarna\u00a0\u00bb title_text=\u00a0\u00bbcoupe-bordure-husqvarna\u00a0\u00bb _builder_version=\u00a0\u00bb4.17.6&Prime; _module_preset=\u00a0\u00bbdefault\u00a0\u00bb width=\u00a0\u00bb400px\u00a0\u00bb global_colors_info=\u00a0\u00bb{}\u00a0\u00bb][\/et_pb_image][\/et_pb_column][et_pb_column type=\u00a0\u00bb1_2&Prime; _builder_version=\u00a0\u00bb4.21.0&Prime; _module_preset=\u00a0\u00bbdefault\u00a0\u00bb global_colors_info=\u00a0\u00bb{}\u00a0\u00bb][et_pb_text _builder_version=\u00a0\u00bb4.21.0&Prime; _module_preset=\u00a0\u00bbdefault\u00a0\u00bb text_text_color=\u00a0\u00bb#000000&Prime; text_font_size=\u00a0\u00bb19px\u00a0\u00bb header_3_font=\u00a0\u00bbNanum Myeongjo|800|||||||\u00a0\u00bb header_3_text_color=\u00a0\u00bb#2a3e1d\u00a0\u00bb header_3_font_size=\u00a0\u00bb27px\u00a0\u00bb custom_padding=\u00a0\u00bb||20px|10px|false|false\u00a0\u00bb global_colors_info=\u00a0\u00bb{}\u00a0\u00bb]<\/p>\n<p><span>Les coupes-bordures Husqvarna sont des outils de jardinage puissants et polyvalents con\u00e7us pour faciliter l&rsquo;entretien des bordures de pelouse, des parterres de fleurs et des zones difficiles d&rsquo;acc\u00e8s. Fabriqu\u00e9s par une marque r\u00e9put\u00e9e dans le domaine de l&rsquo;\u00e9quipement d&rsquo;ext\u00e9rieur, ces coupes-bordures offrent une combinaison parfaite de performances et de durabilit\u00e9.<\/span><\/p>\n<p>[\/et_pb_text][\/et_pb_column][\/et_pb_row][et_pb_row column_structure=\u00a0\u00bb1_2,1_2&Prime; _builder_version=\u00a0\u00bb4.21.0&Prime; _module_preset=\u00a0\u00bbdefault\u00a0\u00bb background_color=\u00a0\u00bbrgba(255,255,255,0.89)\u00a0\u00bb width=\u00a0\u00bb70%\u00a0\u00bb width_tablet=\u00a0\u00bb\u00a0\u00bb width_phone=\u00a0\u00bb90%\u00a0\u00bb width_last_edited=\u00a0\u00bbon|phone\u00a0\u00bb module_alignment=\u00a0\u00bbright\u00a0\u00bb custom_margin=\u00a0\u00bb0px|auto|0px|773px|false|false\u00a0\u00bb custom_padding=\u00a0\u00bb|20px||40px|false|false\u00a0\u00bb animation_style=\u00a0\u00bbfade\u00a0\u00bb module_alignment_tablet=\u00a0\u00bbcenter\u00a0\u00bb module_alignment_phone=\u00a0\u00bbcenter\u00a0\u00bb module_alignment_last_edited=\u00a0\u00bbon|tablet\u00a0\u00bb custom_css_main_element=\u00a0\u00bbdisplay: flex;||align-items: center;\u00a0\u00bb global_colors_info=\u00a0\u00bb{}\u00a0\u00bb][et_pb_column type=\u00a0\u00bb1_2&Prime; _builder_version=\u00a0\u00bb4.21.0&Prime; _module_preset=\u00a0\u00bbdefault\u00a0\u00bb global_colors_info=\u00a0\u00bb{}\u00a0\u00bb][et_pb_button button_url=\u00a0\u00bbhttps:\/\/www.husqvarna.com\/fr\/\u00a0\u00bb button_text=\u00a0\u00bbPlus d&rsquo;infos\u00a0\u00bb _builder_version=\u00a0\u00bb4.17.6&Prime; _module_preset=\u00a0\u00bbdefault\u00a0\u00bb custom_button=\u00a0\u00bbon\u00a0\u00bb button_text_color=\u00a0\u00bb#FFFFFF\u00a0\u00bb button_bg_color=\u00a0\u00bb#2a3e1d\u00a0\u00bb button_border_radius=\u00a0\u00bb25px\u00a0\u00bb button_text_size_tablet=\u00a0\u00bb\u00a0\u00bb button_text_size_phone=\u00a0\u00bb16px\u00a0\u00bb button_text_size_last_edited=\u00a0\u00bbon|tablet\u00a0\u00bb global_colors_info=\u00a0\u00bb{}\u00a0\u00bb][\/et_pb_button][\/et_pb_column][et_pb_column type=\u00a0\u00bb1_2&Prime; _builder_version=\u00a0\u00bb4.21.0&Prime; _module_preset=\u00a0\u00bbdefault\u00a0\u00bb global_colors_info=\u00a0\u00bb{}\u00a0\u00bb][\/et_pb_column][\/et_pb_row][\/et_pb_section][et_pb_section fb_built=\u00a0\u00bb1&Prime; _builder_version=\u00a0\u00bb4.21.0&Prime; _module_preset=\u00a0\u00bbdefault\u00a0\u00bb global_colors_info=\u00a0\u00bb{}\u00a0\u00bb][et_pb_row _builder_version=\u00a0\u00bb4.21.0&Prime; _module_preset=\u00a0\u00bbdefault\u00a0\u00bb custom_css_main_element=\u00a0\u00bbdisplay: flex;||align-items: center;\u00a0\u00bb global_colors_info=\u00a0\u00bb{}\u00a0\u00bb][et_pb_column type=\u00a0\u00bb4_4&Prime; _builder_version=\u00a0\u00bb4.21.0&Prime; _module_preset=\u00a0\u00bbdefault\u00a0\u00bb global_colors_info=\u00a0\u00bb{}\u00a0\u00bb][et_pb_text _builder_version=\u00a0\u00bb4.21.0&Prime; _module_preset=\u00a0\u00bbdefault\u00a0\u00bb text_text_color=\u00a0\u00bb#000000&Prime; text_font_size=\u00a0\u00bb19px\u00a0\u00bb header_3_font=\u00a0\u00bbNanum Myeongjo|800|||||||\u00a0\u00bb header_3_text_color=\u00a0\u00bb#2a3e1d\u00a0\u00bb header_3_font_size=\u00a0\u00bb27px\u00a0\u00bb custom_padding=\u00a0\u00bb||20px|10px|false|false\u00a0\u00bb global_colors_info=\u00a0\u00bb{}\u00a0\u00bb]<\/p>\n<h2>L&rsquo;\u00e9quipe<\/h2>\n<p>Conseils avis\u00e9s, service apr\u00e8s-vente, qualit\u00e9 des produits, service de qualit\u00e9<\/p>\n<p>[\/et_pb_text][\/et_pb_column][\/et_pb_row][et_pb_row column_structure=\u00a0\u00bb1_3,1_3,1_3&Prime; _builder_version=\u00a0\u00bb4.17.6&Prime; _module_preset=\u00a0\u00bbdefault\u00a0\u00bb width_tablet=\u00a0\u00bb\u00a0\u00bb width_phone=\u00a0\u00bb\u00a0\u00bb width_last_edited=\u00a0\u00bbon|tablet\u00a0\u00bb max_width_tablet=\u00a0\u00bb368px\u00a0\u00bb max_width_phone=\u00a0\u00bb368px\u00a0\u00bb max_width_last_edited=\u00a0\u00bbon|desktop\u00a0\u00bb global_colors_info=\u00a0\u00bb{}\u00a0\u00bb][et_pb_column type=\u00a0\u00bb1_3&Prime; _builder_version=\u00a0\u00bb4.21.0&Prime; _module_preset=\u00a0\u00bbdefault\u00a0\u00bb animation_style=\u00a0\u00bbflip\u00a0\u00bb animation_direction=\u00a0\u00bbleft\u00a0\u00bb animation_delay=\u00a0\u00bb500ms\u00a0\u00bb border_radii=\u00a0\u00bbon|10px|10px|10px|10px\u00a0\u00bb box_shadow_style=\u00a0\u00bbpreset1&Prime; global_colors_info=\u00a0\u00bb{}\u00a0\u00bb][et_pb_image src=\u00a0\u00bbhttps:\/\/www.cadre-jardin.be\/wp-content\/uploads\/2026\/08\/aures-1.jpeg\u00a0\u00bb alt=\u00a0\u00bbHugues Lambert \u2013 G\u00e9rant &#8211; Service vente\u00a0\u00bb title_text=\u00a0\u00bbaures (1)\u00a0\u00bb align_tablet=\u00a0\u00bbcenter\u00a0\u00bb align_phone=\u00a0\u00bbcenter\u00a0\u00bb align_last_edited=\u00a0\u00bbon|tablet\u00a0\u00bb _builder_version=\u00a0\u00bb4.17.6&Prime; _module_preset=\u00a0\u00bbdefault\u00a0\u00bb global_colors_info=\u00a0\u00bb{}\u00a0\u00bb][\/et_pb_image][et_pb_text _builder_version=\u00a0\u00bb4.21.0&Prime; _module_preset=\u00a0\u00bbdefault\u00a0\u00bb text_text_color=\u00a0\u00bb#000000&Prime; text_font_size=\u00a0\u00bb19px\u00a0\u00bb header_3_font=\u00a0\u00bbNanum Myeongjo|800|||||||\u00a0\u00bb header_3_text_color=\u00a0\u00bb#2a3e1d\u00a0\u00bb header_3_font_size=\u00a0\u00bb27px\u00a0\u00bb custom_padding=\u00a0\u00bb||20px|10px|false|false\u00a0\u00bb global_colors_info=\u00a0\u00bb{}\u00a0\u00bb]<\/p>\n<h3>Hugues Lambert<\/h3>\n<p>G\u00e9rant -Service vente<\/p>\n<p>[\/et_pb_text][\/et_pb_column][et_pb_column type=\u00a0\u00bb1_3&Prime; _builder_version=\u00a0\u00bb4.21.0&Prime; _module_preset=\u00a0\u00bbdefault\u00a0\u00bb animation_style=\u00a0\u00bbflip\u00a0\u00bb animation_direction=\u00a0\u00bbleft\u00a0\u00bb animation_delay=\u00a0\u00bb500ms\u00a0\u00bb border_radii=\u00a0\u00bbon|10px|10px|10px|10px\u00a0\u00bb box_shadow_style=\u00a0\u00bbpreset1&Prime; global_colors_info=\u00a0\u00bb{}\u00a0\u00bb][et_pb_image src=\u00a0\u00bbhttps:\/\/www.cadre-jardin.be\/wp-content\/uploads\/2026\/08\/image1.jpeg\u00a0\u00bb alt=\u00a0\u00bbHugues Lambert \u2013 G\u00e9rant &#8211; Service vente\u00a0\u00bb title_text=\u00a0\u00bbimage1&Prime; _builder_version=\u00a0\u00bb4.17.6&Prime; _module_preset=\u00a0\u00bbdefault\u00a0\u00bb global_colors_info=\u00a0\u00bb{}\u00a0\u00bb][\/et_pb_image][et_pb_text _builder_version=\u00a0\u00bb4.21.0&Prime; _module_preset=\u00a0\u00bbdefault\u00a0\u00bb text_text_color=\u00a0\u00bb#000000&Prime; text_font_size=\u00a0\u00bb19px\u00a0\u00bb header_3_font=\u00a0\u00bbNanum Myeongjo|800|||||||\u00a0\u00bb header_3_text_color=\u00a0\u00bb#2a3e1d\u00a0\u00bb header_3_font_size=\u00a0\u00bb27px\u00a0\u00bb custom_padding=\u00a0\u00bb||20px|10px|false|false\u00a0\u00bb global_colors_info=\u00a0\u00bb{}\u00a0\u00bb]<\/p>\n<h3>Christophe Baurin<\/h3>\n<p>Responsable SAV et expert robots<\/p>\n<p>[\/et_pb_text][\/et_pb_column][et_pb_column type=\u00a0\u00bb1_3&Prime; _builder_version=\u00a0\u00bb4.21.0&Prime; _module_preset=\u00a0\u00bbdefault\u00a0\u00bb animation_style=\u00a0\u00bbflip\u00a0\u00bb animation_direction=\u00a0\u00bbleft\u00a0\u00bb animation_delay=\u00a0\u00bb500ms\u00a0\u00bb border_radii=\u00a0\u00bbon|10px|10px|10px|10px\u00a0\u00bb box_shadow_style=\u00a0\u00bbpreset1&Prime; global_colors_info=\u00a0\u00bb{}\u00a0\u00bb][et_pb_image src=\u00a0\u00bbhttps:\/\/www.cadre-jardin.be\/wp-content\/uploads\/2026\/08\/aures-2.jpeg\u00a0\u00bb alt=\u00a0\u00bbHugues Lambert \u2013 G\u00e9rant &#8211; Service vente\u00a0\u00bb title_text=\u00a0\u00bbaures (2)\u00a0\u00bb _builder_version=\u00a0\u00bb4.17.6&Prime; _module_preset=\u00a0\u00bbdefault\u00a0\u00bb global_colors_info=\u00a0\u00bb{}\u00a0\u00bb][\/et_pb_image][et_pb_text _builder_version=\u00a0\u00bb4.21.0&Prime; _module_preset=\u00a0\u00bbdefault\u00a0\u00bb text_text_color=\u00a0\u00bb#000000&Prime; text_font_size=\u00a0\u00bb19px\u00a0\u00bb header_3_font=\u00a0\u00bbNanum Myeongjo|800|||||||\u00a0\u00bb header_3_text_color=\u00a0\u00bb#2a3e1d\u00a0\u00bb header_3_font_size=\u00a0\u00bb27px\u00a0\u00bb custom_padding=\u00a0\u00bb||20px|10px|false|false\u00a0\u00bb global_colors_info=\u00a0\u00bb{}\u00a0\u00bb]<\/p>\n<h3>Dominique Jadot<\/h3>\n<p>Service atelier (entretien r\u00e9paration)<\/p>\n<p>[\/et_pb_text][\/et_pb_column][\/et_pb_row][\/et_pb_section][et_pb_section fb_built=\u00a0\u00bb1&Prime; _builder_version=\u00a0\u00bb4.21.0&Prime; _module_preset=\u00a0\u00bbdefault\u00a0\u00bb background_color=\u00a0\u00bb#acc89a\u00a0\u00bb custom_padding=\u00a0\u00bb100px||100px|||\u00a0\u00bb global_colors_info=\u00a0\u00bb{}\u00a0\u00bb][et_pb_row _builder_version=\u00a0\u00bb4.21.0&Prime; _module_preset=\u00a0\u00bbdefault\u00a0\u00bb global_colors_info=\u00a0\u00bb{}\u00a0\u00bb][et_pb_column type=\u00a0\u00bb4_4&Prime; _builder_version=\u00a0\u00bb4.21.0&Prime; _module_preset=\u00a0\u00bbdefault\u00a0\u00bb global_colors_info=\u00a0\u00bb{}\u00a0\u00bb][et_pb_text _builder_version=\u00a0\u00bb4.21.0&Prime; _module_preset=\u00a0\u00bbdefault\u00a0\u00bb text_text_color=\u00a0\u00bb#000000&Prime; text_font_size=\u00a0\u00bb19px\u00a0\u00bb header_3_font=\u00a0\u00bbNanum Myeongjo|800|||||||\u00a0\u00bb header_3_text_color=\u00a0\u00bb#2a3e1d\u00a0\u00bb header_3_font_size=\u00a0\u00bb27px\u00a0\u00bb custom_padding=\u00a0\u00bb||20px|10px|false|false\u00a0\u00bb global_colors_info=\u00a0\u00bb{}\u00a0\u00bb]<\/p>\n<h2>Toutes nos Marques<\/h2>\n<p>[\/et_pb_text][\/et_pb_column][\/et_pb_row][et_pb_row column_structure=\u00a0\u00bb1_4,1_4,1_4,1_4&Prime; _builder_version=\u00a0\u00bb4.21.0&Prime; _module_preset=\u00a0\u00bbdefault\u00a0\u00bb custom_css_main_element=\u00a0\u00bbdisplay: flex;||align-items: flex-end;\u00a0\u00bb global_colors_info=\u00a0\u00bb{}\u00a0\u00bb][et_pb_column type=\u00a0\u00bb1_4&Prime; _builder_version=\u00a0\u00bb4.21.0&Prime; _module_preset=\u00a0\u00bbdefault\u00a0\u00bb global_colors_info=\u00a0\u00bb{}\u00a0\u00bb][et_pb_image src=\u00a0\u00bbhttps:\/\/www.cadre-jardin.be\/wp-content\/uploads\/2026\/08\/Logo-Husqvarna.png\u00a0\u00bb alt=\u00a0\u00bbHUSQUARNA\u00a0\u00bb title_text=\u00a0\u00bbLogo Husqvarna\u00a0\u00bb url=\u00a0\u00bbhttps:\/\/www.husqvarna.com\/fr\/\u00a0\u00bb _builder_version=\u00a0\u00bb4.17.6&Prime; _module_preset=\u00a0\u00bbdefault\u00a0\u00bb global_colors_info=\u00a0\u00bb{}\u00a0\u00bb][\/et_pb_image][et_pb_text _builder_version=\u00a0\u00bb4.21.0&Prime; _module_preset=\u00a0\u00bbdefault\u00a0\u00bb text_text_color=\u00a0\u00bb#000000&Prime; text_font_size=\u00a0\u00bb19px\u00a0\u00bb header_3_font=\u00a0\u00bbNanum Myeongjo|800|||||||\u00a0\u00bb header_3_text_color=\u00a0\u00bb#2a3e1d\u00a0\u00bb header_3_font_size=\u00a0\u00bb27px\u00a0\u00bb custom_padding=\u00a0\u00bb||20px|10px|false|false\u00a0\u00bb global_colors_info=\u00a0\u00bb{}\u00a0\u00bb]<\/p>\n<p><span>Alliant productivit\u00e9 et performance avec de belles finitions ainsi qu&rsquo;une longue dur\u00e9e de vie du produit.<\/span><\/p>\n<p>[\/et_pb_text][et_pb_button button_url=\u00a0\u00bbhttps:\/\/www.husqvarna.com\/fr\/\u00a0\u00bb button_text=\u00a0\u00bbPlus d&rsquo;infos\u00a0\u00bb _builder_version=\u00a0\u00bb4.21.0&Prime; _module_preset=\u00a0\u00bbdefault\u00a0\u00bb custom_button=\u00a0\u00bbon\u00a0\u00bb button_text_color=\u00a0\u00bb#FFFFFF\u00a0\u00bb button_bg_color=\u00a0\u00bb#2a3e1d\u00a0\u00bb button_border_width=\u00a0\u00bb0px\u00a0\u00bb button_border_radius=\u00a0\u00bb25px\u00a0\u00bb global_colors_info=\u00a0\u00bb{}\u00a0\u00bb button_bg_color__hover_enabled=\u00a0\u00bbon|hover\u00a0\u00bb button_bg_color__hover=\u00a0\u00bb#5f8b41&Prime; button_bg_enable_color__hover=\u00a0\u00bbon\u00a0\u00bb][\/et_pb_button][\/et_pb_column][et_pb_column type=\u00a0\u00bb1_4&Prime; _builder_version=\u00a0\u00bb4.21.0&Prime; _module_preset=\u00a0\u00bbdefault\u00a0\u00bb global_colors_info=\u00a0\u00bb{}\u00a0\u00bb][et_pb_image src=\u00a0\u00bbhttps:\/\/www.cadre-jardin.be\/wp-content\/uploads\/2026\/08\/Logo-Makita.png\u00a0\u00bb alt=\u00a0\u00bbmakita\u00a0\u00bb title_text=\u00a0\u00bbLogo Makita\u00a0\u00bb url=\u00a0\u00bbhttps:\/\/www.makita.fr\/makita-france.html\u00a0\u00bb _builder_version=\u00a0\u00bb4.17.6&Prime; _module_preset=\u00a0\u00bbdefault\u00a0\u00bb background_color=\u00a0\u00bb#FFFFFF\u00a0\u00bb width=\u00a0\u00bb100%\u00a0\u00bb global_colors_info=\u00a0\u00bb{}\u00a0\u00bb][\/et_pb_image][et_pb_text _builder_version=\u00a0\u00bb4.21.0&Prime; _module_preset=\u00a0\u00bbdefault\u00a0\u00bb text_text_color=\u00a0\u00bb#000000&Prime; text_font_size=\u00a0\u00bb19px\u00a0\u00bb header_3_font=\u00a0\u00bbNanum Myeongjo|800|||||||\u00a0\u00bb header_3_text_color=\u00a0\u00bb#2a3e1d\u00a0\u00bb header_3_font_size=\u00a0\u00bb27px\u00a0\u00bb custom_padding=\u00a0\u00bb||20px|10px|false|false\u00a0\u00bb global_colors_info=\u00a0\u00bb{}\u00a0\u00bb]<\/p>\n<p>Produits de haute qualit\u00e9 qui vous aident \u00e0 atteindre vos objectifs en rendant le travail agr\u00e9able et facile.<\/p>\n<p>[\/et_pb_text][et_pb_button button_url=\u00a0\u00bbhttps:\/\/www.makita.fr\/makita-france.html\u00a0\u00bb button_text=\u00a0\u00bbPlus d&rsquo;infos\u00a0\u00bb _builder_version=\u00a0\u00bb4.21.0&Prime; _module_preset=\u00a0\u00bbdefault\u00a0\u00bb custom_button=\u00a0\u00bbon\u00a0\u00bb button_text_color=\u00a0\u00bb#FFFFFF\u00a0\u00bb button_bg_color=\u00a0\u00bb#2a3e1d\u00a0\u00bb button_border_width=\u00a0\u00bb0px\u00a0\u00bb button_border_radius=\u00a0\u00bb25px\u00a0\u00bb global_colors_info=\u00a0\u00bb{}\u00a0\u00bb button_bg_color__hover=\u00a0\u00bb#5f8b41&Prime; button_bg_color__hover_enabled=\u00a0\u00bbon|hover\u00a0\u00bb][\/et_pb_button][\/et_pb_column][et_pb_column type=\u00a0\u00bb1_4&Prime; _builder_version=\u00a0\u00bb4.21.0&Prime; _module_preset=\u00a0\u00bbdefault\u00a0\u00bb global_colors_info=\u00a0\u00bb{}\u00a0\u00bb][et_pb_image src=\u00a0\u00bbhttps:\/\/www.cadre-jardin.be\/wp-content\/uploads\/2026\/08\/Logo-Snapper.png\u00a0\u00bb alt=\u00a0\u00bbsnapper\u00a0\u00bb title_text=\u00a0\u00bbLogo Snapper\u00a0\u00bb url=\u00a0\u00bbhttps:\/\/www.snapper.com\/eu\/fr_fr\/home.html\u00a0\u00bb _builder_version=\u00a0\u00bb4.17.6&Prime; _module_preset=\u00a0\u00bbdefault\u00a0\u00bb background_enable_color=\u00a0\u00bboff\u00a0\u00bb width=\u00a0\u00bb100%\u00a0\u00bb global_colors_info=\u00a0\u00bb{}\u00a0\u00bb][\/et_pb_image][et_pb_text _builder_version=\u00a0\u00bb4.21.0&Prime; _module_preset=\u00a0\u00bbdefault\u00a0\u00bb text_text_color=\u00a0\u00bb#000000&Prime; text_font_size=\u00a0\u00bb19px\u00a0\u00bb header_3_font=\u00a0\u00bbNanum Myeongjo|800|||||||\u00a0\u00bb header_3_text_color=\u00a0\u00bb#2a3e1d\u00a0\u00bb header_3_font_size=\u00a0\u00bb27px\u00a0\u00bb custom_padding=\u00a0\u00bb||20px|10px|false|false\u00a0\u00bb global_colors_info=\u00a0\u00bb{}\u00a0\u00bb]<\/p>\n<p>Les tracteurs \u00e0 gazon et tondeuses autoport\u00e9es Snapper faciliterons l&rsquo;entretien de votre jardin.\u00a0<\/p>\n<p>[\/et_pb_text][et_pb_button button_url=\u00a0\u00bbhttps:\/\/www.snapper.com\/eu\/fr_fr\/home.html\u00a0\u00bb button_text=\u00a0\u00bbPlus d&rsquo;infos\u00a0\u00bb _builder_version=\u00a0\u00bb4.21.0&Prime; _module_preset=\u00a0\u00bbdefault\u00a0\u00bb custom_button=\u00a0\u00bbon\u00a0\u00bb button_text_color=\u00a0\u00bb#FFFFFF\u00a0\u00bb button_bg_color=\u00a0\u00bb#2a3e1d\u00a0\u00bb button_border_width=\u00a0\u00bb0px\u00a0\u00bb button_border_radius=\u00a0\u00bb25px\u00a0\u00bb global_colors_info=\u00a0\u00bb{}\u00a0\u00bb button_bg_color__hover=\u00a0\u00bb#5f8b41&Prime; button_bg_color__hover_enabled=\u00a0\u00bbon|hover\u00a0\u00bb][\/et_pb_button][\/et_pb_column][et_pb_column type=\u00a0\u00bb1_4&Prime; _builder_version=\u00a0\u00bb4.21.0&Prime; _module_preset=\u00a0\u00bbdefault\u00a0\u00bb global_colors_info=\u00a0\u00bb{}\u00a0\u00bb][et_pb_image src=\u00a0\u00bbhttps:\/\/www.cadre-jardin.be\/wp-content\/uploads\/2026\/08\/Logo-Iseki.png\u00a0\u00bb alt=\u00a0\u00bbiseki\u00a0\u00bb title_text=\u00a0\u00bbLogo Iseki\u00a0\u00bb url=\u00a0\u00bbhttps:\/\/www.iseki.fr\/\u00a0\u00bb _builder_version=\u00a0\u00bb4.17.6&Prime; _module_preset=\u00a0\u00bbdefault\u00a0\u00bb background_enable_color=\u00a0\u00bboff\u00a0\u00bb width=\u00a0\u00bb100%\u00a0\u00bb global_colors_info=\u00a0\u00bb{}\u00a0\u00bb][\/et_pb_image][et_pb_text _builder_version=\u00a0\u00bb4.21.0&Prime; _module_preset=\u00a0\u00bbdefault\u00a0\u00bb text_text_color=\u00a0\u00bb#000000&Prime; text_font_size=\u00a0\u00bb19px\u00a0\u00bb header_3_font=\u00a0\u00bbNanum Myeongjo|800|||||||\u00a0\u00bb header_3_text_color=\u00a0\u00bb#2a3e1d\u00a0\u00bb header_3_font_size=\u00a0\u00bb27px\u00a0\u00bb custom_padding=\u00a0\u00bb||20px|10px|false|false\u00a0\u00bb global_colors_info=\u00a0\u00bb{}\u00a0\u00bb]<\/p>\n<p>Tondeuse<span> autoport\u00e9e ou classique (essence ou diesel) <\/span><span>pour les grands espaces. <\/span>ISEKI<span> vous assure une tonte facile et de qualit\u00e9.<\/span><\/p>\n<p>[\/et_pb_text][et_pb_button button_url=\u00a0\u00bbhttps:\/\/www.iseki.fr\/\u00a0\u00bb button_text=\u00a0\u00bbPlus d&rsquo;infos\u00a0\u00bb _builder_version=\u00a0\u00bb4.21.0&Prime; _module_preset=\u00a0\u00bbdefault\u00a0\u00bb custom_button=\u00a0\u00bbon\u00a0\u00bb button_text_color=\u00a0\u00bb#FFFFFF\u00a0\u00bb button_bg_color=\u00a0\u00bb#2a3e1d\u00a0\u00bb button_border_width=\u00a0\u00bb0px\u00a0\u00bb button_border_radius=\u00a0\u00bb25px\u00a0\u00bb global_colors_info=\u00a0\u00bb{}\u00a0\u00bb button_bg_color__hover=\u00a0\u00bb#5f8b41&Prime; button_bg_color__hover_enabled=\u00a0\u00bbon|hover\u00a0\u00bb][\/et_pb_button][\/et_pb_column][\/et_pb_row][\/et_pb_section][et_pb_section fb_built=\u00a0\u00bb1&Prime; _builder_version=\u00a0\u00bb4.21.0&Prime; _module_preset=\u00a0\u00bbdefault\u00a0\u00bb background_enable_color=\u00a0\u00bboff\u00a0\u00bb custom_padding=\u00a0\u00bb100px||100px|||\u00a0\u00bb global_colors_info=\u00a0\u00bb{}\u00a0\u00bb][et_pb_row column_structure=\u00a0\u00bb1_2,1_2&Prime; _builder_version=\u00a0\u00bb4.21.0&Prime; _module_preset=\u00a0\u00bbdefault\u00a0\u00bb global_colors_info=\u00a0\u00bb{}\u00a0\u00bb][et_pb_column type=\u00a0\u00bb1_2&Prime; _builder_version=\u00a0\u00bb4.21.0&Prime; _module_preset=\u00a0\u00bbdefault\u00a0\u00bb global_colors_info=\u00a0\u00bb{}\u00a0\u00bb][et_pb_text _builder_version=\u00a0\u00bb4.21.0&Prime; _module_preset=\u00a0\u00bbdefault\u00a0\u00bb text_text_color=\u00a0\u00bb#000000&Prime; text_font_size=\u00a0\u00bb19px\u00a0\u00bb header_2_text_color=\u00a0\u00bb#5F8B41&Prime; header_2_font_size=\u00a0\u00bb36px\u00a0\u00bb header_3_font=\u00a0\u00bbNanum Myeongjo|800|||||||\u00a0\u00bb header_3_text_color=\u00a0\u00bb#2a3e1d\u00a0\u00bb header_3_font_size=\u00a0\u00bb27px\u00a0\u00bb custom_padding=\u00a0\u00bb|||10px|false|false\u00a0\u00bb border_width_left=\u00a0\u00bb4px\u00a0\u00bb border_color_left=\u00a0\u00bb#5F8B41&Prime; global_colors_info=\u00a0\u00bb{}\u00a0\u00bb]<\/p>\n<h2>R\u00e9paration<\/h2>\n<p>[\/et_pb_text][et_pb_image src=\u00a0\u00bbhttps:\/\/www.cadre-jardin.be\/wp-content\/uploads\/2026\/08\/image3.jpeg\u00a0\u00bb alt=\u00a0\u00bbR\u00e9paration dans notre atelier\u00a0\u00bb title_text=\u00a0\u00bbimage3&Prime; url=\u00a0\u00bbhttps:\/\/www.husqvarna.com\/fr\/\u00a0\u00bb _builder_version=\u00a0\u00bb4.17.6&Prime; _module_preset=\u00a0\u00bbdefault\u00a0\u00bb global_colors_info=\u00a0\u00bb{}\u00a0\u00bb][\/et_pb_image][\/et_pb_column][et_pb_column type=\u00a0\u00bb1_2&Prime; _builder_version=\u00a0\u00bb4.21.0&Prime; _module_preset=\u00a0\u00bbdefault\u00a0\u00bb global_colors_info=\u00a0\u00bb{}\u00a0\u00bb][et_pb_text _builder_version=\u00a0\u00bb4.21.0&Prime; _module_preset=\u00a0\u00bbdefault\u00a0\u00bb text_text_color=\u00a0\u00bb#000000&Prime; text_font_size=\u00a0\u00bb19px\u00a0\u00bb header_3_font=\u00a0\u00bbNanum Myeongjo|800|||||||\u00a0\u00bb header_3_text_color=\u00a0\u00bb#2a3e1d\u00a0\u00bb header_3_font_size=\u00a0\u00bb27px\u00a0\u00bb custom_padding=\u00a0\u00bb||20px|10px|false|false\u00a0\u00bb global_colors_info=\u00a0\u00bb{}\u00a0\u00bb]<\/p>\n<p>Dans notre ateliers nous mettons notre expertise au service de vos tondeuses, robots tondeuses et coupes-bordures de toutes marques.<\/p>\n<p>Que vous soyez un propri\u00e9taire de jardin, paysagiste professionnel ou un passionn\u00e9 de jardinage, nous comprenons \u00e0 quel point il est essentiel de maintenir vos outils en parfait \u00e9tat de fonctionnement. C&rsquo;est pourquoi notre \u00e9quipe de techniciens qualifi\u00e9s est pr\u00eate \u00e0 r\u00e9soudre tous les probl\u00e8mes que vous pourriez rencontrer.<\/p>\n<p>Nous effectuons des r\u00e9parations minutieuses et rigoureuses, que ce soit pour des probl\u00e8mes de d\u00e9marrage, de transmission, de syst\u00e8me de coupe ou de moteur. Nous utilisons des pi\u00e8ces de rechange de haute qualit\u00e9 pour garantir des performances optimales et une durabilit\u00e9 \u00e0 long terme.<\/p>\n<p>En plus des r\u00e9parations, nous proposons \u00e9galement des services d&rsquo;entretien r\u00e9guliers pour optimiser les performances de vos outils motoris\u00e9s. Nous effectuons des contr\u00f4les approfondis, des ajustements et des nettoyages pour prolonger la dur\u00e9e de vie de vos machines.<\/p>\n<p>La satisfaction de nos clients est primordiale.<\/p>\n<p>Contactez-nous d\u00e8s maintenant pour planifier votre r\u00e9paration ou pour obtenir de plus amples informations sur nos services.\u00a0<\/p>\n<p>[\/et_pb_text][\/et_pb_column][\/et_pb_row][\/et_pb_section][et_pb_section fb_built=\u00a0\u00bb1&Prime; _builder_version=\u00a0\u00bb4.21.0&Prime; _module_preset=\u00a0\u00bbdefault\u00a0\u00bb background_color=\u00a0\u00bb#5F8B41&Prime; custom_margin=\u00a0\u00bb0px||0px||false|false\u00a0\u00bb custom_padding=\u00a0\u00bb0px||0px||false|false\u00a0\u00bb global_colors_info=\u00a0\u00bb{}\u00a0\u00bb][et_pb_row column_structure=\u00a0\u00bb1_2,1_2&Prime; _builder_version=\u00a0\u00bb4.21.0&Prime; _module_preset=\u00a0\u00bbdefault\u00a0\u00bb width=\u00a0\u00bb100%\u00a0\u00bb max_width=\u00a0\u00bb1920px\u00a0\u00bb custom_margin=\u00a0\u00bb0px||||false|false\u00a0\u00bb custom_padding=\u00a0\u00bb0px||0px||false|false\u00a0\u00bb global_colors_info=\u00a0\u00bb{}\u00a0\u00bb][et_pb_column type=\u00a0\u00bb1_2&Prime; _builder_version=\u00a0\u00bb4.21.0&Prime; _module_preset=\u00a0\u00bbdefault\u00a0\u00bb global_colors_info=\u00a0\u00bb{}\u00a0\u00bb][et_pb_code _builder_version=\u00a0\u00bb4.27.8&Prime; _module_preset=\u00a0\u00bbdefault\u00a0\u00bb hover_enabled=\u00a0\u00bb0&Prime; sticky_enabled=\u00a0\u00bb0&Prime;]\n\n<div class=\"open-user-map \">\n\n  \n  \n  <!-- Map Container -->\n  <div class=\"oum-map-container\">\n    \n<div class=\"box-wrap map-size-default \">\n  \n  <div class=\"map-wrap\">\n    <div class=\"oum-loading-overlay\">\n      <div class=\"oum-loading-spinner\"><\/div>\n    <\/div>\n    <div id=\"map-20210929\" class=\"leaflet-map map-style_OpenFreeMap.bright\" data-oum-tile-provider-container=\"openfreemap\"><\/div>\n\n    \n    \n    \n    \n    \n    <script type=\"text\/javascript\" id=\"oum-init-map\" data-category=\"functional\" class=\"cmplz-native\" data-oum-tile-provider=\"openfreemap\">\n\n      map_el = `map-20210929`;\n\n      if(document.getElementById(map_el)) {\n        \/* Transfer PHP array to JS json *\/\n        var oum_all_locations = [{\"title\":\"Chau. de Wavre 270, 4520 Wanze, Belgique\",\"lat\":\"50.540422189319\",\"lng\":\"5.1781632001803\",\"zoom\":\"16\",\"geometry_type\":\"point\",\"geometry\":null,\"show_measurement\":false,\"category_color\":\"#e82c71\",\"content\":\"Chau. de Wavre 270, 4520 Wanze, Belgique chau-de-wavre-270-4520-wanze-belgique\",\"icon\":\"https:\/\/www.cadre-jardin.be\/wp-content\/plugins\/open-user-map\/src\/leaflet\/images\/marker-icon_default-2x.png\",\"types\":[],\"post_id\":\"67\",\"address\":\"\",\"text\":\"\",\"image\":\"\",\"audio\":\"\",\"video\":\"\",\"custom_fields\":[],\"votes\":0,\"star_rating_avg\":0,\"star_rating_count\":0}];\n\n        \/\/ Wait for the main initialization function to be available, then call it\n        function oumWaitForMainInit() {\n          if (typeof oumInitializeMap === 'function') {\n            console.log('\ud83d\uddfa\ufe0f Open User Map: Starting');\n            \n            \/\/ Initialize the map\n            oumInitializeMap();\n          } else {\n            setTimeout(oumWaitForMainInit, 100);\n          }\n        }\n        \n        setTimeout(oumWaitForMainInit, 100);\n      }\n\n    <\/script>\n\n    <script type=\"text\/javascript\" id=\"oum-inline-js\" \n      data-category=\"functional\" \n      class=\"cmplz-native\" \n      data-minify=\"0\"\n      data-no-optimize=\"1\"\n      data-no-defer=\"1\"\n      data-no-combine=\"1\"\n      data-cfasync=\"false\"\n      data-pagespeed-no-defer\n      data-boot=\"1\">\n\n      map_el = `map-20210929`;\n\n      if(document.getElementById(map_el)) {\n\n        \/\/ Wait for OUMLoader to be defined\n        function oumLoading() {\n          if (typeof OUMLoader !== 'undefined') {\n            \/\/ Initialize loader for this map\n            OUMLoader.initLoader(map_el);\n\n            \/\/ Add event listener for map initialization complete\n            document.addEventListener('oum:map_initialized', function(e) {\n              if (e.detail.mapId === map_el) {\n                OUMLoader.setMapInitialized(map_el);\n              }\n            });\n          } else {\n            \/\/ If OUMLoader is not yet defined, wait and try again\n            setTimeout(oumLoading, 100);\n          }\n        }\n\n        \/\/ OUM Loading Spinner\n        oumLoading();\n\n        \/\/ OUM inline JS variables\n        var mapStyle = \"OpenFreeMap.bright\";\n        var oum_tile_provider_mapbox_key = \"\";\n        var oum_tile_provider_carto_key = \"\";\n        var marker_icon_url = \"https:\\\/\\\/www.cadre-jardin.be\\\/wp-content\\\/plugins\\\/open-user-map\\\/src\\\/leaflet\\\/images\\\/marker-icon_default-2x.png\";\n        var marker_shadow_url = \"https:\\\/\\\/www.cadre-jardin.be\\\/wp-content\\\/plugins\\\/open-user-map\\\/src\\\/leaflet\\\/images\\\/marker-shadow.png\";\n        var oum_enable_scrollwheel_zoom_map = false;\n        var oum_enable_cluster = true;\n        var oum_enable_fullscreen = false;\n\n        var oum_enable_searchbar = false;\n        var oum_searchbar_type = \"address\";\n\n        var oum_geosearch_selected_provider = \"\";\n        var oum_geosearch_provider = \"osm\";\n        var oum_geosearch_provider_geoapify_key = \"\";\n        var oum_geosearch_provider_here_key = \"\";\n        var oum_geosearch_provider_mapbox_key = \"\";\n        \n        var oum_enable_searchaddress_button = false;\n        var oum_searchaddress_label = \"Search for address\";\n\n        var oum_enable_searchmarkers_button = false;\n        var oum_searchmarkers_label = \"Find marker\";\n        var oum_searchmarkers_zoom = \"8\";\n\n        var oum_enable_currentlocation = false;\n        var oum_action_after_submit = \"text\";\n        var thankyou_redirect = \"\";\n        var start_lat = Number(50.541133114258);\n        var start_lng = Number(5.1764373611785);\n        var start_zoom = Number(14.1);\n        \n        var oum_enable_fixed_map_bounds = \"\";\n        var oum_use_settings_start_location = true;\n        var oum_has_regions = false;\n        var oum_enable_multiple_marker_types = \"false\";\n        var oum_hide_filterbox = false;\n        var oum_hide_location_popup = false;\n        var oum_enable_address = \"on\";\n        var oum_enable_address_autofill = \"\";\n\n        \/\/ WordPress timezone for opening hours calculations\n        var oum_wordpress_timezone = `Europe\/Paris`;\n\n        \/\/ Custom Image data\n        var oum_custom_image_url = \"\";\n        var oum_custom_image_bounds = {\"north\":\"90\",\"south\":\"-90\",\"east\":\"180\",\"west\":\"-180\"};\n        var oum_custom_image_hide_tiles = false;\n        var oum_custom_image_clickable = false;\n        var oum_custom_image_background_color = \"#ffffff\";\n\n        var oum_location = {};\n        var oum_custom_css = '';\n        var oum_custom_script = '';\n        var oum_max_image_filesize = 10;\n        var oumMap;\n        var oumMap2;\n\n        \/**\n         * Conditional Field Feature\n         * \n         * @param {string} sourceField - The source field selector\n         * @param {string} targetField - The target field selector\n         * @param {array} condShow - The values that should show the target field\n         * @param {array|null} condHide - The values that should hide the target field. If empty\/null\/undefined, the field will be hidden when condShow is not met.\n         *\/\n        var oumConditionalField = (sourceField, targetField, condShow, condHide = null) => {\n            const sourceElements = document.querySelectorAll(sourceField); \/\/ Select all radios\/checkboxes or single select\n            const targetElementWrapper = document.querySelector(targetField)?.parentElement; \/* works with custom fields only *\/\n\n            \/\/ Check if both sourceElements and targetElementWrapper exist\n            if (!sourceElements.length) {\n                console.warn(`OUM: Source field(s) not found: ${sourceField}`);\n                return;\n            }\n\n            if (!targetElementWrapper) {\n                console.warn(`OUM: Target field wrapper not found: ${targetField}`);\n                return;\n            }\n\n            \/* Event listener for change *\/\n            const onChangeHandler = function() {\n                \/\/ Get selected values for checkboxes and single selected value for radios\/select\n                const selectedValues = Array.from(sourceElements)\n                    .filter(element => element.checked || element.tagName === 'SELECT')\n                    .map(element => element.value);\n\n                const selectedValue = selectedValues[0]; \/\/ For radios and selects, we use only the first (and only) value\n\n                console.log('OUM: run condition', {selectedValue, sourceField, targetField, condShow, condHide});\n                \n                \/\/ Show or hide target field based on the selected value(s)\n                if (condShow.includes(selectedValue)) {\n                    \/\/ Show the field if condShow condition is met\n                    targetElementWrapper.style.display = 'block';\n                } else if (condHide && Array.isArray(condHide) && condHide.length > 0 && condHide.includes(selectedValue)) {\n                    \/\/ Hide the field if condHide is provided and condition is met\n                    targetElementWrapper.style.display = 'none';\n                } else if (!condHide || (Array.isArray(condHide) && condHide.length === 0)) {\n                    \/\/ If condHide is empty\/null\/undefined, hide the field when condShow is not met\n                    targetElementWrapper.style.display = 'none';\n                }\n            };\n\n            \/* Attach the event listener to each radio\/checkbox or select *\/\n            sourceElements.forEach(element => {\n                element.addEventListener('change', onChangeHandler);\n            });\n\n            \/* Trigger initially *\/\n            onChangeHandler(); \/\/ Call it directly to set initial state\n        };\n\n        \/**\n         * Add Custom Styles\n         *\/\n        \n                            \/* custom color *\/\n          oum_custom_css += `\n            .open-user-map .add-location #close-add-location-overlay:hover {color: #e82c71 !important}\n            .open-user-map .box-wrap .map-wrap .open-add-location-overlay {background-color: #e82c71 !important}\n            .open-user-map .box-wrap .map-wrap .open-add-location-overlay:hover,\n            .open-user-map .box-wrap .map-wrap .open-add-location-overlay:active {background-color: #d12866 !important}\n            .open-user-map .box-wrap .map-wrap .oum-filter-controls .oum-filter-list .close-filter-list:hover {color: #e82c71 !important}\n            .open-user-map .oum-advanced-filter-button .oum-advanced-filter-content .close-advanced-filter:hover,\n            .open-user-map .oum-advanced-filter-panel .oum-advanced-filter-content .close-advanced-filter:hover {color: #e82c71 !important}\n            .open-user-map input.oum-switch[type=\"checkbox\"]:checked + label::before {background-color: #e82c71 !important}\n            .open-user-map .add-location .location-overlay-content #oum_add_location .oum-required-indicator {color: #e82c71 !important}\n            .open-user-map .add-location .location-overlay-content #oum_add_location h2 {color: #e82c71 !important}\n            .open-user-map .add-location .location-overlay-content #oum_add_location input[type=text]:focus,\n            .open-user-map .add-location .location-overlay-content #oum_add_location input[type=email]:focus,\n            .open-user-map .add-location .location-overlay-content #oum_add_location input[type=url]:focus,\n            .open-user-map .add-location .location-overlay-content #oum_add_location textarea:focus,\n            .open-user-map .add-location .location-overlay-content #oum_add_location select:focus {border-color: #e82c71 !important; box-shadow: 0 0 0 2px #e82c711a !important}\n            .open-user-map .add-location .location-overlay-content #oum_add_location_thankyou h3 {color: #e82c71 !important}\n            .open-user-map .oum_location_text a {color: #e82c71 !important}\n            .open-user-map .oum_location_text .oum_vote_button_wrap .oum_vote_button.voted {background: #e82c71 !important; border-color: #e82c71 !important;}\n            .open-user-map .oum-tabs {border-color: #e82c71 !important}\n            .open-user-map .oum-tabs .nav-item:hover {color: #e82c71 !important; border-color: #e82c71 !important}\n            .open-user-map .oum-tabs .nav-item.active {color: #e82c71 !important; border-color: #e82c71 !important}\n            .open-user-map .box-wrap .map-wrap .oum-attribution a {color: #e82c71 !important;}\n            \/* Submit Button *\/\n            .open-user-map .add-location .location-overlay-content #oum_add_location input[type=submit] {background-color: #e82c71 !important; border-color: #e82c71 !important;}\n            .open-user-map .add-location .location-overlay-content #oum_add_location input[type=submit]:hover,\n            .open-user-map .add-location .location-overlay-content #oum_add_location input[type=submit]:active {background-color: #d12866 !important;}\n            \/* Message CTA Buttons *\/\n            .open-user-map .add-location .location-overlay-content #oum_add_location_thankyou button {background-color: #e82c71 !important; border-color: #e82c71 !important;}\n            .open-user-map .add-location .location-overlay-content #oum_add_location_thankyou button:hover,\n            .open-user-map .add-location .location-overlay-content #oum_add_location_thankyou button:active {background-color: #d12866 !important;}\n            .open-user-map .add-location .location-overlay-content .oum-delete-confirmation button {background-color: #e82c71 !important; border-color: #e82c71 !important;}\n            .open-user-map .add-location .location-overlay-content .oum-delete-confirmation button:hover,\n            .open-user-map .add-location .location-overlay-content .oum-delete-confirmation button:active {background-color: #d12866 !important;}\n            \/* Media Section Colors *\/\n            .open-user-map .add-location .location-overlay-content #oum_add_location .oum_media .media-upload label {color: #e82c71 !important}\n            .open-user-map .add-location .location-overlay-content #oum_add_location .oum_media .oum-image-upload .media-upload-top label .multi-upload-indicator {background: #e82c71 !important}\n            .open-user-map .add-location .location-overlay-content #oum_add_location .oum_media .oum-video-upload input[type=text]:hover {border-color: #e82c71 !important}\n            .open-user-map .add-location .location-overlay-content #oum_add_location .oum_media .oum-video-upload input[type=text]:focus {border-color: #e82c71 !important; box-shadow: 0 0 0 2px #e82c711a !important}\n            .open-user-map .add-location .location-overlay-content #oum_add_location .oum_media .image-preview-placeholder {border-color: #e82c71 !important; background: #e82c710a !important}\n            .open-user-map .add-location .location-overlay-content #oum_add_location .oum_media .oum-image-preview-grid .image-preview-item.dragging {border-color: #e82c71 !important}\n            \/* List Styles *\/\n            .open-user-map-locations-list .oum-locations-list-item .oum_location_text a {color: #e82c71 !important} \n            .open-user-map-locations-list .oum-locations-list-item .oum_location_text .oum_vote_button_wrap .oum_vote_button.voted {background: #e82c71 !important; border-color: #e82c71 !important;}`;\n\n        \n        \n          \/* custom map height *\/\n          oum_custom_css += \".open-user-map .box-wrap > .map-wrap {padding: 0 !important; height: 400px !important; aspect-ratio: unset !important;}\";\n\n        \n        \n        var custom_style = document.createElement('style');\n\n        if (custom_style.styleSheet) {\n          custom_style.styleSheet.cssText = oum_custom_css;\n        } else {\n          custom_style.appendChild(document.createTextNode(oum_custom_css));\n        }\n\n        document.getElementsByTagName('head')[0].appendChild(custom_style);\n\n        \/* Add initial CSS to prevent flash of unstyled content *\/\n        var initialStyles = document.createElement('style');\n        initialStyles.textContent = `\n          .oum-hidden {\n            opacity: 0 !important;\n            visibility: hidden !important;\n            transition: opacity 0.3s ease, visibility 0.3s ease;\n          }\n          .oum-filter-controls,\n          .open-add-location-overlay,\n          #oum_filter_markers,\n          .oum-advanced-filter-button,\n          .oum-advanced-filter-panel,\n          .oum-sidebar {\n            opacity: 0;\n            visibility: hidden;\n            transition: opacity 0.3s ease, visibility 0.3s ease;\n          }\n          .oum-filter-controls.visible,\n          .open-add-location-overlay.visible,\n          #oum_filter_markers.visible,\n          .oum-advanced-filter-button.visible,\n          .oum-advanced-filter-panel.visible,\n          .oum-sidebar.visible {\n            opacity: 1;\n            visibility: visible;\n          }\n        `;\n        document.head.appendChild(initialStyles);\n\n      }\n    <\/script>\n\n  <\/div>\n\n<\/div>\n  <\/div>\n\n<\/div>[\/et_pb_code][\/et_pb_column][et_pb_column type=\u00a0\u00bb1_2&Prime; _builder_version=\u00a0\u00bb4.21.0&Prime; _module_preset=\u00a0\u00bbdefault\u00a0\u00bb global_colors_info=\u00a0\u00bb{}\u00a0\u00bb][et_pb_text _builder_version=\u00a0\u00bb4.17.6&Prime; _module_preset=\u00a0\u00bbdefault\u00a0\u00bb text_text_color=\u00a0\u00bb#ffffff\u00a0\u00bb header_2_text_color=\u00a0\u00bb#ffffff\u00a0\u00bb header_3_text_color=\u00a0\u00bb#ffffff\u00a0\u00bb width_tablet=\u00a0\u00bb100%\u00a0\u00bb width_phone=\u00a0\u00bb100%\u00a0\u00bb width_last_edited=\u00a0\u00bbon|tablet\u00a0\u00bb max_width_tablet=\u00a0\u00bb100%\u00a0\u00bb max_width_phone=\u00a0\u00bb100%\u00a0\u00bb max_width_last_edited=\u00a0\u00bbon|tablet\u00a0\u00bb custom_margin=\u00a0\u00bb50px||||false|false\u00a0\u00bb custom_padding=\u00a0\u00bb|||40px|false|false\u00a0\u00bb custom_padding_tablet=\u00a0\u00bb|||40px|false|false\u00a0\u00bb custom_padding_phone=\u00a0\u00bb|||40px|false|false\u00a0\u00bb custom_padding_last_edited=\u00a0\u00bbon|tablet\u00a0\u00bb global_colors_info=\u00a0\u00bb{}\u00a0\u00bb]<\/p>\n<h2>Nous contacter<\/h2>\n<p>T\u00e9l\u00e9phone Atelier et Magasin :\u00a0085\/21.23.13<\/p>\n<p>Adresse : Chauss\u00e9e de Wavre, 270 &#8211; 4520 &#8211; Wanze<\/p>\n<p>Mail : cadrejardin@gmail.com<\/p>\n<p>&nbsp;<\/p>\n<p>[\/et_pb_text][\/et_pb_column][\/et_pb_row][\/et_pb_section][et_pb_section fb_built=\u00a0\u00bb1&Prime; _builder_version=\u00a0\u00bb4.21.0&Prime; _module_preset=\u00a0\u00bbdefault\u00a0\u00bb background_color=\u00a0\u00bb#353d2f\u00a0\u00bb global_colors_info=\u00a0\u00bb{}\u00a0\u00bb][et_pb_row column_structure=\u00a0\u00bb1_3,1_3,1_3&Prime; _builder_version=\u00a0\u00bb4.21.0&Prime; _module_preset=\u00a0\u00bbdefault\u00a0\u00bb global_colors_info=\u00a0\u00bb{}\u00a0\u00bb][et_pb_column type=\u00a0\u00bb1_3&Prime; _builder_version=\u00a0\u00bb4.21.0&Prime; _module_preset=\u00a0\u00bbdefault\u00a0\u00bb global_colors_info=\u00a0\u00bb{}\u00a0\u00bb][et_pb_image src=\u00a0\u00bbhttps:\/\/www.cadre-jardin.be\/wp-content\/uploads\/2026\/08\/Logo-cadre-et-jardin.png\u00a0\u00bb alt=\u00a0\u00bbCadr\u00e9 jardin\u00a0\u00bb title_text=\u00a0\u00bbLogo cadre et jardin\u00a0\u00bb _builder_version=\u00a0\u00bb4.17.6&Prime; _module_preset=\u00a0\u00bbdefault\u00a0\u00bb global_colors_info=\u00a0\u00bb{}\u00a0\u00bb][\/et_pb_image][et_pb_text _builder_version=\u00a0\u00bb4.21.0&Prime; _module_preset=\u00a0\u00bbdefault\u00a0\u00bb text_text_color=\u00a0\u00bb#000000&Prime; text_font_size=\u00a0\u00bb19px\u00a0\u00bb header_3_font=\u00a0\u00bbNanum Myeongjo|800|||||||\u00a0\u00bb header_3_text_color=\u00a0\u00bb#2a3e1d\u00a0\u00bb header_3_font_size=\u00a0\u00bb27px\u00a0\u00bb custom_padding=\u00a0\u00bb||20px|10px|false|false\u00a0\u00bb global_colors_info=\u00a0\u00bb{}\u00a0\u00bb]<\/p>\n<p><strong>Hugues Lambert<\/strong><\/p>\n<p>Entrepreneur Parcs &amp; Jardins<\/p>\n<p>[\/et_pb_text][\/et_pb_column][et_pb_column type=\u00a0\u00bb1_3&Prime; _builder_version=\u00a0\u00bb4.21.0&Prime; _module_preset=\u00a0\u00bbdefault\u00a0\u00bb global_colors_info=\u00a0\u00bb{}\u00a0\u00bb][et_pb_social_media_follow follow_button=\u00a0\u00bbon\u00a0\u00bb use_icon_font_size=\u00a0\u00bbon\u00a0\u00bb icon_font_size=\u00a0\u00bb29px\u00a0\u00bb _builder_version=\u00a0\u00bb4.21.0&Prime; _module_preset=\u00a0\u00bbdefault\u00a0\u00bb custom_button=\u00a0\u00bbon\u00a0\u00bb button_text_color=\u00a0\u00bb#ffffff\u00a0\u00bb button_bg_color=\u00a0\u00bb#5F8B41&Prime; global_colors_info=\u00a0\u00bb{}\u00a0\u00bb][et_pb_social_media_follow_network social_network=\u00a0\u00bbfacebook\u00a0\u00bb url=\u00a0\u00bbhttps:\/\/www.facebook.com\/profile.php?id=100050372096120&Prime; _builder_version=\u00a0\u00bb4.21.0&Prime; _module_preset=\u00a0\u00bbdefault\u00a0\u00bb background_color=\u00a0\u00bb#3b5998&Prime; global_colors_info=\u00a0\u00bb{}\u00a0\u00bb follow_button=\u00a0\u00bbon\u00a0\u00bb url_new_window=\u00a0\u00bbon\u00a0\u00bb]facebook[\/et_pb_social_media_follow_network][\/et_pb_social_media_follow][\/et_pb_column][et_pb_column type=\u00a0\u00bb1_3&Prime; _builder_version=\u00a0\u00bb4.21.0&Prime; _module_preset=\u00a0\u00bbdefault\u00a0\u00bb global_colors_info=\u00a0\u00bb{}\u00a0\u00bb][\/et_pb_column][\/et_pb_row][\/et_pb_section]<\/p>\n","protected":false},"excerpt":{"rendered":"<p>Cadr\u00e9 JardinShow Room d\u00e9di\u00e9 aux outils pour votre jardinD\u00e9di\u00e9 aux tondeuses, robots tondeuses et autres outils motoris\u00e9s pour le jardinage notre show room vous offre une exp\u00e9rience unique pour d\u00e9couvrir et choisir les meilleurs \u00e9quipements pour prendre soin de votre jardin. En tant qu&rsquo;experts passionn\u00e9s, nous sommes l\u00e0 pour vous guider et vous conseiller dans [&hellip;]<\/p>\n","protected":false},"author":1,"featured_media":0,"parent":0,"menu_order":0,"comment_status":"closed","ping_status":"closed","template":"page-template-blank.php","meta":{"_et_pb_use_builder":"on","_et_pb_old_content":"","_et_gb_content_width":"","footnotes":""},"class_list":["post-11","page","type-page","status-publish","hentry"],"_links":{"self":[{"href":"https:\/\/www.cadre-jardin.be\/index.php?rest_route=\/wp\/v2\/pages\/11","targetHints":{"allow":["GET"]}}],"collection":[{"href":"https:\/\/www.cadre-jardin.be\/index.php?rest_route=\/wp\/v2\/pages"}],"about":[{"href":"https:\/\/www.cadre-jardin.be\/index.php?rest_route=\/wp\/v2\/types\/page"}],"author":[{"embeddable":true,"href":"https:\/\/www.cadre-jardin.be\/index.php?rest_route=\/wp\/v2\/users\/1"}],"replies":[{"embeddable":true,"href":"https:\/\/www.cadre-jardin.be\/index.php?rest_route=%2Fwp%2Fv2%2Fcomments&post=11"}],"version-history":[{"count":15,"href":"https:\/\/www.cadre-jardin.be\/index.php?rest_route=\/wp\/v2\/pages\/11\/revisions"}],"predecessor-version":[{"id":70,"href":"https:\/\/www.cadre-jardin.be\/index.php?rest_route=\/wp\/v2\/pages\/11\/revisions\/70"}],"wp:attachment":[{"href":"https:\/\/www.cadre-jardin.be\/index.php?rest_route=%2Fwp%2Fv2%2Fmedia&parent=11"}],"curies":[{"name":"wp","href":"https:\/\/api.w.org\/{rel}","templated":true}]}}